{"id":11106,"date":"2022-02-17T14:46:06","date_gmt":"2022-02-17T13:46:06","guid":{"rendered":"https:\/\/wp-test.zum.de\/?page_id=11106"},"modified":"2023-09-10T11:31:35","modified_gmt":"2023-09-10T09:31:35","slug":"ziele","status":"publish","type":"page","link":"https:\/\/zum-portal.idea-sketch.com\/portal\/ziele\/","title":{"rendered":"Verein &#038; Ziele"},"content":{"rendered":"\n<h2 class=\"wp-block-heading\">Die \u201eZentrale f\u00fcr Unterrichtsmedien im Internet e.&nbsp;V.\u201c<\/h2>\n\n\n<div class=\"wp-block-image\">\n<figure class=\"alignright\"><img loading=\"lazy\" decoding=\"async\" width=\"300\" height=\"300\" src=\"https:\/\/www.zum.de\/portal\/wp-content\/uploads\/Mitgliedertreffen-300x300.png\" alt=\"\" class=\"wp-image-21206\" srcset=\"https:\/\/zum-portal.idea-sketch.com\/portal\/wp-content\/uploads\/Mitgliedertreffen-300x300.png 300w, https:\/\/zum-portal.idea-sketch.com\/portal\/wp-content\/uploads\/Mitgliedertreffen-1024x1024.png 1024w, https:\/\/zum-portal.idea-sketch.com\/portal\/wp-content\/uploads\/Mitgliedertreffen-150x150.png 150w, https:\/\/zum-portal.idea-sketch.com\/portal\/wp-content\/uploads\/Mitgliedertreffen-768x768.png 768w, https:\/\/zum-portal.idea-sketch.com\/portal\/wp-content\/uploads\/Mitgliedertreffen-800x800.png 800w, https:\/\/zum-portal.idea-sketch.com\/portal\/wp-content\/uploads\/Mitgliedertreffen-900x900.png 900w, https:\/\/zum-portal.idea-sketch.com\/portal\/wp-content\/uploads\/Mitgliedertreffen.png 1080w\" sizes=\"auto, (max-width: 300px) 100vw, 300px\" \/><\/figure>\n<\/div>\n\n\n<p class=\"has-text-align-left\"><span style=\"font-size: revert; color: initial;\"><\/span><\/p>\n\n\n\n<p>Die ZUM ist durch ihre vielf\u00e4ltigen Angebote eine feste Gr\u00f6\u00dfe in der deutschen Bildungslandschaft. Ob <a href=\"https:\/\/apps.zum.de\/\">ZUM-Apps<\/a>, <a href=\"http:\/\/zumpad.zum.de\">ZUMpad<\/a>, <a href=\"https:\/\/unterrichten.zum.de\/wiki\/Hauptseite\">ZUM-Unterrichten<\/a> oder <a href=\"http:\/\/grundschullernportal.zum.de\">Grundschullernportal<\/a> &#8211; die ZUM hat sich in den letzten 25 Jahren von der Downloadplattform zur Mitmachplattform gewandelt. Viele unserer Angebote k\u00f6nnen direkt im Unterricht genutzt werden. Jede*r kann die \u00f6ffentlichen Seiten auf ZUM.de nutzen und als angemeldete*r Benutzer*in mitgestalten.<\/p>\n\n\n\n<p class=\"has-text-align-left\"><span style=\"font-size: revert; color: initial;\">Wir sind zu 100% eine Bewegung \u201evon unten\u201c, die vom Engagement der beteiligten Lehrerinnen und Lehrer sowie anderer interessierte Personen lebt und sich ohne staatliche oder kommerzielle Zuwendungen selbst organisiert und finanziert. Als Lehrkr\u00e4fte, die t\u00e4glich unterrichten, hoffen wir, diese Erfahrung in ein benutzerfreundliches Internetangebot umsetzen zu k\u00f6nnen. Hilf auch du mit, kostenlose Angebote und auch die Idee der Open Educational Resources (OER) zu verbreiten, freie Lehr- und Lernmaterialien zu erstellen und f\u00fcr andere kostenlos und offen f\u00fcr eine Weiterbearbeitung im Internet zu ver\u00f6ffentlichen! Beteilige Dich und werde auch <\/span><a href=\"https:\/\/www.zum.de\/portal\/mitmachen\/\">Mitglied<\/a><span style=\"font-size: revert; color: initial;\">!<\/span><\/p>\n\n\n\n<p class=\"has-text-align-left\">290 Mitglieder (Stand M\u00e4rz 2022) und eine Vielzahl weiterer Benutzer*innen beteiligen sich mit ganz unterschiedlichen Beitr\u00e4gen an der ZUM, z.B. mit eigenen Autorenseiten oder \u00fcber vielf\u00e4ltige Beitr\u00e4ge in den Wikis auf ZUM.de.<\/p>\n\n\n\n<p class=\"has-text-align-left\">Die Koordination neuer Projekte, der Mitgliedertreffen und der Werbung auf unseren Seiten l\u00e4uft \u00fcber den Vorstand. Alle Angebote der ZUM entstehen ehrenamtlich und werden als solche betreut.&nbsp;<\/p>\n\n\n\n<h2 class=\"wp-block-heading\">Ziele<\/h2>\n\n\n\n<p>Ziel des Vereins ist die Nutzbarmachung des Internets als Lern- und Lehrhilfe f\u00fcr alle Schulformen und f\u00fcr au\u00dferschulische Bildungsarbeit im deutschsprachigen Raum. Hierzu geh\u00f6rt:<\/p>\n\n\n\n<ul class=\"wp-block-list\">\n<li>Das Erstellen und Verbreiten von Arbeitsmaterialien f\u00fcr den Unterricht an Schulen und in der Erwachsenenbildung sowie f\u00fcr au\u00dferschulische Bildungsarbeit im Internet.<\/li>\n\n\n\n<li>Organisation des Erfahrungsaustauschs von Mitarbeitern im deutschsprachigen Raum (siehe Mitgliedertreffen).<\/li>\n\n\n\n<li>Zusammenarbeit und m\u00f6glichst Koordinierung mit anderen Gruppen und Initiativen mit \u00e4hnlicher Zielsetzung im In- und Ausland.<\/li>\n\n\n\n<li>\u00d6ffentlichkeitsarbeit \u00fcber Medien und eigene Publikationen.<\/li>\n\n\n\n<li>Die Schaffung einer eigenen Infrastruktur f\u00fcr die Arbeit im Netz.<\/li>\n<\/ul>\n\n\n\n<h2 class=\"wp-block-heading\">Vorstand<\/h2>\n\n\n<div class=\"wp-block-image\">\n<figure class=\"alignright\"><img loading=\"lazy\" decoding=\"async\" width=\"300\" height=\"300\" src=\"https:\/\/wp-test.zum.de\/wp-content\/uploads\/ZUM-Vorstand2019-23-300x300.png\" alt=\"\" class=\"wp-image-11196\" srcset=\"https:\/\/zum-portal.idea-sketch.com\/portal\/wp-content\/uploads\/ZUM-Vorstand2019-23-300x300.png 300w, https:\/\/zum-portal.idea-sketch.com\/portal\/wp-content\/uploads\/ZUM-Vorstand2019-23-1024x1024.png 1024w, https:\/\/zum-portal.idea-sketch.com\/portal\/wp-content\/uploads\/ZUM-Vorstand2019-23-150x150.png 150w, https:\/\/zum-portal.idea-sketch.com\/portal\/wp-content\/uploads\/ZUM-Vorstand2019-23-768x768.png 768w, https:\/\/zum-portal.idea-sketch.com\/portal\/wp-content\/uploads\/ZUM-Vorstand2019-23-800x800.png 800w, https:\/\/zum-portal.idea-sketch.com\/portal\/wp-content\/uploads\/ZUM-Vorstand2019-23-900x900.png 900w, https:\/\/zum-portal.idea-sketch.com\/portal\/wp-content\/uploads\/ZUM-Vorstand2019-23.png 1080w\" sizes=\"auto, (max-width: 300px) 100vw, 300px\" \/><\/figure>\n<\/div>\n\n\n<p>Der ehrenamtlich t\u00e4tige ZUM-Vorstand wird jeweils f\u00fcr zwei Jahre auf einer Mitgliederversammlung gew\u00e4hlt. Die Mitglieder im aktuellen Vorstand sind:<\/p>\n\n\n\n<ul class=\"wp-block-list\">\n<li><a href=\"https:\/\/www.zum.de\/portal\/zum-interview-mandy-schuetze\/\">Mandy Sch\u00fctze (1. Vorsitzende)<\/a><\/li>\n\n\n\n<li><a href=\"https:\/\/www.zum.de\/portal\/zum-interview-nadine-anskeit\/\">Nadine Anskeit<\/a><\/li>\n\n\n\n<li><a href=\"https:\/\/www.zum.de\/portal\/zum-interview-klaus-dautel\/\">Klaus Dautel (Kassenwart)<\/a><\/li>\n\n\n\n<li>Maria Eirich<\/li>\n\n\n\n<li><a href=\"https:\/\/www.zum.de\/portal\/zum-interview-ralf-kloetzke\/\">Ralf Kl\u00f6tzke<\/a><\/li>\n\n\n\n<li><a href=\"https:\/\/www.zum.de\/portal\/zum-interview-andrea-schellmann\/\">Andrea Schellmann<\/a><\/li>\n\n\n\n<li><a href=\"https:\/\/www.zum.de\/portal\/zum-interview-margit-fischbach\/\">Margit Fischbach<\/a> (Ehrenvorsitzende)<\/li>\n<\/ul>\n\n\n\n<h2 class=\"wp-block-heading\">Mitarbeit<\/h2>\n\n\n\n<p>Wenn Du nun der Meinung bist, dass das, was die ZUM macht, eine gute Sache ist, dann kannst gerne auch selbst auf den Seiten der ZUM und in der ZUM aktiv werden. Es gibt verschiedene <a href=\"https:\/\/www.zum.de\/portal\/mitmachen\/\">M\u00f6glichkeiten der Mitarbeit<\/a>,\u00a0z.B. im <a href=\"https:\/\/unterrichten.zum.de\/wiki\/Hauptseite\">ZUM-Unterrichten<\/a> oder\u00a0im <a rel=\"noopener\" href=\"http:\/\/projektwiki.de\" target=\"_blank\">Projektwiki<\/a>\u00a0oder auch auf andere Weise.<\/p>\n\n\n\n<h2 class=\"wp-block-heading\">Geschichte<\/h2>\n\n\n\n<p>Im Fr\u00fchjahr 1996 schlossen sich einige Lehrerinnen und Lehrer zu einer privaten, \u00fcberregionalen Initiative zusammen, um im Internet auf der Basis der Webseite &#8222;World Wide Web als Lern- und Lehrhilfe&#8220; von Margit Fischbach (1995) die ZENTRALE F\u00dcR UNTERRICHTSMEDIEN im Internet (ZUM Internet) aufzubauen.<\/p>\n\n\n\n<p>Seit dem November 1997 ist die ZUM Internet als gemeinn\u00fctziger Verein in das Vereinsregister beim Amtsgericht Freiburg unter der Registernummer 3070 eingetragen.<\/p>\n\n\n\n<p>Ziel der ZUM Internet e.V. war es von Anfang an, Unterrichtsmaterialien zur kostenlosen Nutzung bereitzustellen. Da die Lehrpl\u00e4ne der Bundesl\u00e4nder und der Schultypen \u00fcberlappen, scheint uns eine gemeinsame Materialb\u00f6rse mit entsprechend organisierten, multiplen Zugriffsm\u00f6glichkeiten die sinnvollste Organisationsform. Das Internet er\u00f6ffnet die einmalige Chance, bundesweit die Tatkraft aktiver Lehrer zu b\u00fcndeln.<\/p>\n\n\n\n<p>Mit dem ZUM-Wiki (seit Ende 2004) und weiteren Wikis auf ZUM.de hat sich ZUM.de verst\u00e4rkt zu einer offenen Plattform f\u00fcr innovative Unterrichtsideen entwickelt. Die Wiks auf ZUM.de sowie verschiedene Autoren-Seiten sind mir ihrer generellen Lizenzierung unter der Creative-Commons-Lizenz <a href=\"http:\/\/creativecommons.org\/licenses\/by-sa\/3.0\/de\/\">CC BY-SA 3.0 Deutschland<\/a> (seit 2008) zu einem wichtigen Bestandteil der aktuellen OER-Bewegung geworden.<\/p>\n\n\n\n<h2 class=\"wp-block-heading\">Flyer<\/h2>\n\n\n\n<p>Einen guten \u00dcberblick \u00fcber die verschiedenen Teilbereiche der ZUM bietet unser <a href=\"http:\/\/www.zum.de\/zum\/ZUM_Flyer_2019.pdf\">ZUM-Flyer<\/a>, eine zweiseitige PDF-Datei, die Du gerne ausdrucken und auch weitergeben kannst.<\/p>\n\n\n\n<h2 class=\"wp-block-heading\">Satzung<\/h2>\n\n\n\n<h3 class=\"wp-block-heading\"><strong><a href=\"http:\/\/www.zum.de\/zum\/Satzung2015.pdf\">Download aller Paragrafen der Satzung als pdf-Datei<\/a>.<\/strong><\/h3>\n\n\n\n<p><strong>der&nbsp;Zentrale&nbsp;f\u00fcr&nbsp;Unterrichtsmedien&nbsp;im&nbsp;Internet&nbsp;e.V.<br>[ZUM Internet e.V.]<\/strong><\/p>\n\n\n\n<p><strong>1. Name und Sitz des Vereins<\/strong><\/p>\n\n\n\n<p>Der Verein wurde am 24.11.1997 in das Vereinsregister beim Amtsgericht Freiburg unter der Registernummer 3070 eingetragen. Er hat seinen Sitz in 79249 Merzhausen [&#8230;]. Gerichtsort ist der Vereinssitz. Der Verein f\u00fchrt den Namen Zentrale f\u00fcr Unterrichtsmedien im Internet e.V. (ZUM Internet e.V.).&nbsp;<\/p>\n\n\n\n<p><strong>2. Ziele des Vereins<\/strong><\/p>\n\n\n\n<p>Zweck des Vereins ist die F\u00f6rderung der Bildung. Der Satzungszweck wird verwirklicht&nbsp;durch:<\/p>\n\n\n\n<ul class=\"wp-block-list\">\n<li>Die m\u00f6glichst fl\u00e4chendeckende Gewinnung von fachspezifischen Mitarbeitern und Mitarbeiterinnen im deutschsprachigen Raum.<\/li>\n\n\n\n<li>Das Erstellen und Verbreiten von Arbeitsmaterialien f\u00fcr den Unterricht an Schulen und in der Erwachsenenbildung sowie f\u00fcr au\u00dferschulische Bildungsarbeit im Internet. [&#8230;]<\/li>\n\n\n\n<li>Organisation des Erfahrungsaustauschs von Mitarbeitern im deutschsprachigen Raum.<\/li>\n\n\n\n<li>Zusammenarbeit und m\u00f6glichst Koordinierung mit anderen Gruppen und Initiativen mit \u00e4hnlicher Zielsetzung im In- und Ausland.<\/li>\n\n\n\n<li>\u00d6ffentlichkeitsarbeit \u00fcber Medien und eigene Publikationen.<\/li>\n\n\n\n<li>Die Schaffung einer eigenen Infrastruktur f\u00fcr die Arbeit im Netz.&nbsp;<\/li>\n<\/ul>\n\n\n\n<p><strong>3. Gemeinn\u00fctzigkeit<\/strong><\/p>\n\n\n\n<ol class=\"wp-block-list\">\n<li>Der Verein verfolgt ausschlie\u00dflich und unmittelbar gemeinn\u00fctzige Zwecke im Sinne des Abschnitts \u201eSteuerbeg\u00fcnstigte Zwecke\u201c der Abgabenordnung.<\/li>\n\n\n\n<li>Der Verein ist selbstlos t\u00e4tig; er verfolgt nicht in erster Linie eigenwirtschaftliche Zwecke.<\/li>\n\n\n\n<li>Mittel des Vereins d\u00fcrfen nur f\u00fcr satzungsgem\u00e4\u00dfe Zwecke verwendet werden.<\/li>\n\n\n\n<li>Die Mitglieder erhalten keine Zuwendungen aus den Mitteln des Vereins. [&#8230;]<\/li>\n\n\n\n<li>Niemand darf aus dem Vereinsverm\u00f6gen durch Ausgaben, die dem Zweck des Vereins fremd sind, oder durch unverh\u00e4ltnism\u00e4\u00dfig hohe Verg\u00fctungen beg\u00fcnstigt werden.&nbsp;<\/li>\n<\/ol>\n\n\n\n<p>[&#8230;]<\/p>\n\n\n\n<p><strong>12. Errichtung des Vereins<\/strong><\/p>\n\n\n\n<ol class=\"wp-block-list\">\n<li>Der Verein&nbsp;Zentrale f\u00fcr Unterrichtsmedien im Internet&nbsp;wurde am 11.9.1997 gegr\u00fcndet.<\/li>\n\n\n\n<li>[&#8230;]<\/li>\n\n\n\n<li>Der Verein wurde am 24.11.1997 in das Vereinsregister beim Amtsgericht Freiburg unter der Registernummer 3070 eingetragen.<\/li>\n\n\n\n<li>Mit dem Freistellungsbescheid des Finanzamts Freiburg-Land vom 12.1.1998 &nbsp;[&#8230;] wurde unser Verein als gemeinn\u00fctzig und der F\u00f6rderung der Bildung dienend anerkannt. Der Verein ist berechtigt, entsprechende Spendenbest\u00e4tigungen f\u00fcr steuerliche Zwecke auszustellen. [&#8230;]<\/li>\n\n\n\n<li>[&#8230;]<\/li>\n<\/ol>\n\n\n\n<h2 class=\"wp-block-heading\">Protokolle<\/h2>\n\n\n\n<p><a href=\"https:\/\/www.zum.de\/treffen2022\/protokoll_2022.pdf\">Protokoll der Mitgliederversammlung 2022<\/a><\/p>\n\n\n\n<p><a href=\"https:\/\/www.zum.de\/treffen2021\/protokoll_2021.pdf\">Protokoll der Mitgliederversammlung 2021<\/a><\/p>\n\n\n\n<h2 class=\"wp-block-heading\">Kontakt<\/h2>\n\n\n\n<p><strong>Zentrale f\u00fcr Unterrichtsmedien im Internet e.V. [ZUM Internet e.V.]<\/strong><br><em>Sitz: Schlossweg 11, 79249 Merzhausen<br>Postadresse: Mandy Sch\u00fctze<br>Bahnhofstr. 20,&nbsp;74582 Gerabronn<br>E-Mail: info (@) zum.de <\/em><\/p>\n\n\n\n<p>Der Verein wurde am 11.9.1997 gegr\u00fcndet und am 24.1.1997 in das Vereinsregister beim Amtsgericht Freiburg unter der Registernummer 3070 eingetragen. Am 11.9.2023 war also unser 25. Vereinsjubil\u00e4um. Beim Mitgliedertreffen zum 25j\u00e4hrigen Jubil\u00e4um entstand folgender Film:<\/p>\n\n\n\n<figure class=\"wp-block-embed is-type-video is-provider-youtube wp-block-embed-youtube wp-embed-aspect-16-9 wp-has-aspect-ratio\"><div class=\"wp-block-embed__wrapper\">\n<iframe loading=\"lazy\" title=\"25 Jahre ZUM\" width=\"1510\" height=\"849\" src=\"https:\/\/www.youtube.com\/embed\/0yddqJ78ZA0?feature=oembed\" frameborder=\"0\" allow=\"accelerometer; autoplay; clipboard-write; encrypted-media; gyroscope; picture-in-picture; web-share\" allowfullscreen><\/iframe>\n<\/div><\/figure>\n<div class=\"shariff shariff-align-flex-start shariff-widget-align-flex-start\" style=\"display:none\" data-services=\"facebook\" data-url=\"https%3A%2F%2Fzum-portal.idea-sketch.com%2Fportal%2Fziele%2F\" data-timestamp=\"1694345495\" data-backendurl=\"https:\/\/zum-portal.idea-sketch.com\/portal\/wp-json\/shariff\/v1\/share_counts?\"><div class=\"ShariffHeadline\">Teilen<\/div><ul class=\"shariff-buttons theme-round orientation-horizontal buttonsize-medium\"><li class=\"shariff-button twitter shariff-nocustomcolor\" style=\"background-color:#32bbf5\"><a href=\"https:\/\/twitter.com\/share?url=https%3A%2F%2Fzum-portal.idea-sketch.com%2Fportal%2Fziele%2F&text=Verein%20%26%20Ziele\" title=\"Bei Twitter teilen\" aria-label=\"Bei Twitter teilen\" role=\"button\" rel=\"noopener nofollow\" class=\"shariff-link\" style=\"; background-color:#55acee; color:#fff\" target=\"_blank\"><span class=\"shariff-icon\" style=\"\"><svg width=\"32px\" height=\"20px\" xmlns=\"http:\/\/www.w3.org\/2000\/svg\" viewBox=\"0 0 30 32\"><path fill=\"#55acee\" d=\"M29.7 6.8q-1.2 1.8-3 3.1 0 0.3 0 0.8 0 2.5-0.7 4.9t-2.2 4.7-3.5 4-4.9 2.8-6.1 1q-5.1 0-9.3-2.7 0.6 0.1 1.5 0.1 4.3 0 7.6-2.6-2-0.1-3.5-1.2t-2.2-3q0.6 0.1 1.1 0.1 0.8 0 1.6-0.2-2.1-0.4-3.5-2.1t-1.4-3.9v-0.1q1.3 0.7 2.8 0.8-1.2-0.8-2-2.2t-0.7-2.9q0-1.7 0.8-3.1 2.3 2.8 5.5 4.5t7 1.9q-0.2-0.7-0.2-1.4 0-2.5 1.8-4.3t4.3-1.8q2.7 0 4.5 1.9 2.1-0.4 3.9-1.5-0.7 2.2-2.7 3.4 1.8-0.2 3.5-0.9z\"\/><\/svg><\/span><\/a><\/li><li class=\"shariff-button facebook shariff-nocustomcolor\" style=\"background-color:#4273c8\"><a href=\"https:\/\/www.facebook.com\/sharer\/sharer.php?u=https%3A%2F%2Fzum-portal.idea-sketch.com%2Fportal%2Fziele%2F\" title=\"Bei Facebook teilen\" aria-label=\"Bei Facebook teilen\" role=\"button\" rel=\"nofollow\" class=\"shariff-link\" style=\"; background-color:#3b5998; color:#fff\" target=\"_blank\"><span class=\"shariff-icon\" style=\"\"><svg width=\"32px\" height=\"20px\" xmlns=\"http:\/\/www.w3.org\/2000\/svg\" viewBox=\"0 0 18 32\"><path fill=\"#3b5998\" d=\"M17.1 0.2v4.7h-2.8q-1.5 0-2.1 0.6t-0.5 1.9v3.4h5.2l-0.7 5.3h-4.5v13.6h-5.5v-13.6h-4.5v-5.3h4.5v-3.9q0-3.3 1.9-5.2t5-1.8q2.6 0 4.1 0.2z\"\/><\/svg><\/span><span data-service=\"facebook\" style=\"color:#3b5998\" class=\"shariff-count shariff-hidezero\"><\/span>&nbsp;<\/a><\/li><li class=\"shariff-button whatsapp shariff-nocustomcolor shariff-mobile\" style=\"background-color:#5cbe4a\"><a href=\"https:\/\/api.whatsapp.com\/send?text=https%3A%2F%2Fzum-portal.idea-sketch.com%2Fportal%2Fziele%2F%20Verein%20%26%20Ziele\" title=\"Bei Whatsapp teilen\" aria-label=\"Bei Whatsapp teilen\" role=\"button\" rel=\"noopener nofollow\" class=\"shariff-link\" style=\"; background-color:#34af23; color:#fff\" target=\"_blank\"><span class=\"shariff-icon\" style=\"\"><svg width=\"32px\" height=\"20px\" xmlns=\"http:\/\/www.w3.org\/2000\/svg\" viewBox=\"0 0 32 32\"><path fill=\"#34af23\" d=\"M17.6 17.4q0.2 0 1.7 0.8t1.6 0.9q0 0.1 0 0.3 0 0.6-0.3 1.4-0.3 0.7-1.3 1.2t-1.8 0.5q-1 0-3.4-1.1-1.7-0.8-3-2.1t-2.6-3.3q-1.3-1.9-1.3-3.5v-0.1q0.1-1.6 1.3-2.8 0.4-0.4 0.9-0.4 0.1 0 0.3 0t0.3 0q0.3 0 0.5 0.1t0.3 0.5q0.1 0.4 0.6 1.6t0.4 1.3q0 0.4-0.6 1t-0.6 0.8q0 0.1 0.1 0.3 0.6 1.3 1.8 2.4 1 0.9 2.7 1.8 0.2 0.1 0.4 0.1 0.3 0 1-0.9t0.9-0.9zM14 26.9q2.3 0 4.3-0.9t3.6-2.4 2.4-3.6 0.9-4.3-0.9-4.3-2.4-3.6-3.6-2.4-4.3-0.9-4.3 0.9-3.6 2.4-2.4 3.6-0.9 4.3q0 3.6 2.1 6.6l-1.4 4.2 4.3-1.4q2.8 1.9 6.2 1.9zM14 2.2q2.7 0 5.2 1.1t4.3 2.9 2.9 4.3 1.1 5.2-1.1 5.2-2.9 4.3-4.3 2.9-5.2 1.1q-3.5 0-6.5-1.7l-7.4 2.4 2.4-7.2q-1.9-3.2-1.9-6.9 0-2.7 1.1-5.2t2.9-4.3 4.3-2.9 5.2-1.1z\"\/><\/svg><\/span><\/a><\/li><li class=\"shariff-button mailto shariff-nocustomcolor\" style=\"background-color:#a8a8a8\"><a href=\"mailto:?body=https%3A%2F%2Fzum-portal.idea-sketch.com%2Fportal%2Fziele%2F&subject=Verein%20%26%20Ziele\" title=\"Per E-Mail versenden\" aria-label=\"Per E-Mail versenden\" role=\"button\" rel=\"noopener nofollow\" class=\"shariff-link\" style=\"; background-color:#999; color:#fff\"><span class=\"shariff-icon\" style=\"\"><svg width=\"32px\" height=\"20px\" xmlns=\"http:\/\/www.w3.org\/2000\/svg\" viewBox=\"0 0 32 32\"><path fill=\"#999\" d=\"M32 12.7v14.2q0 1.2-0.8 2t-2 0.9h-26.3q-1.2 0-2-0.9t-0.8-2v-14.2q0.8 0.9 1.8 1.6 6.5 4.4 8.9 6.1 1 0.8 1.6 1.2t1.7 0.9 2 0.4h0.1q0.9 0 2-0.4t1.7-0.9 1.6-1.2q3-2.2 8.9-6.1 1-0.7 1.8-1.6zM32 7.4q0 1.4-0.9 2.7t-2.2 2.2q-6.7 4.7-8.4 5.8-0.2 0.1-0.7 0.5t-1 0.7-0.9 0.6-1.1 0.5-0.9 0.2h-0.1q-0.4 0-0.9-0.2t-1.1-0.5-0.9-0.6-1-0.7-0.7-0.5q-1.6-1.1-4.7-3.2t-3.6-2.6q-1.1-0.7-2.1-2t-1-2.5q0-1.4 0.7-2.3t2.1-0.9h26.3q1.2 0 2 0.8t0.9 2z\"\/><\/svg><\/span><\/a><\/li><\/ul><\/div>","protected":false},"excerpt":{"rendered":"<p>Die \u201eZentrale f\u00fcr Unterrichtsmedien im Internet e.&nbsp;V.\u201c Die ZUM ist durch ihre vielf\u00e4ltigen Angebote eine feste Gr\u00f6\u00dfe in der deutschen Bildungslandschaft. Ob ZUM-Apps, ZUMpad, ZUM-Unterrichten oder Grundschullernportal &#8211; die ZUM [&hellip;]<\/p>\n","protected":false},"author":2,"featured_media":0,"parent":0,"menu_order":50,"comment_status":"closed","ping_status":"closed","template":"","meta":{"gastautor_name":"","gastautor_foto":"","gastautor_funktion":"","gastautor_beschreibung":"","gastautor_css":"","testimonial_foto":"","testimonial_funktion":"","testimonial_zitat":"","testimonial_css":"","zum_angebot_logo":"","zum_angebot_farbe":"","zum_angebot_link":"","zum_angebot_beschreibung":"","footnotes":""},"class_list":["post-11106","page","type-page","status-publish","hentry"],"acf":[],"_links":{"self":[{"href":"https:\/\/zum-portal.idea-sketch.com\/portal\/wp-json\/wp\/v2\/pages\/11106","targetHints":{"allow":["GET"]}}],"collection":[{"href":"https:\/\/zum-portal.idea-sketch.com\/portal\/wp-json\/wp\/v2\/pages"}],"about":[{"href":"https:\/\/zum-portal.idea-sketch.com\/portal\/wp-json\/wp\/v2\/types\/page"}],"author":[{"embeddable":true,"href":"https:\/\/zum-portal.idea-sketch.com\/portal\/wp-json\/wp\/v2\/users\/2"}],"replies":[{"embeddable":true,"href":"https:\/\/zum-portal.idea-sketch.com\/portal\/wp-json\/wp\/v2\/comments?post=11106"}],"version-history":[{"count":30,"href":"https:\/\/zum-portal.idea-sketch.com\/portal\/wp-json\/wp\/v2\/pages\/11106\/revisions"}],"predecessor-version":[{"id":26002,"href":"https:\/\/zum-portal.idea-sketch.com\/portal\/wp-json\/wp\/v2\/pages\/11106\/revisions\/26002"}],"wp:attachment":[{"href":"https:\/\/zum-portal.idea-sketch.com\/portal\/wp-json\/wp\/v2\/media?parent=11106"}],"curies":[{"name":"wp","href":"https:\/\/api.w.org\/{rel}","templated":true}]}}